{"id":8253,"date":"2018-11-21T15:39:42","date_gmt":"2018-11-21T15:39:42","guid":{"rendered":"https:\/\/www.fecarotta.com\/amministrazione\/prodotto\/vaso-rosso-e-blu\/"},"modified":"2020-10-15T14:31:12","modified_gmt":"2020-10-15T14:31:12","slug":"carlo-moretti-vaso-rosso-e-blu","status":"publish","type":"product","link":"https:\/\/www.fecarotta.com\/it\/prodotto\/carlo-moretti-vaso-rosso-e-blu\/","title":{"rendered":"CARLO MORETTI VASO ROSSO E BLU"},"content":{"rendered":"<p>CARLO MORETTI VASO ROSSO E BLU<\/p>\n<p>Chi percorresse oggi le fondamenta di Murano sarebbe spiacevolmente sorpreso, se persona di fine sensibilit\u00e0, di smarrirsi tra negozietti o locali organizzati dal turismo di massa. Succede, fortunatamente, che una conoscenza specifica, una curiosit\u00e0 permetta di scoprire una fabbrica d\u2019autore. Carlo Moretti con il suo marchio \u00e8 una fabbrica d\u2019autore.<\/p>\n<p><a href=\"https:\/\/carlomoretti.com\/\" target=\"_blank\" rel=\"noopener noreferrer\">Costituita nel 1958 dai fratelli Carlo e Giovanni Moretti, \u00e8 un avvenimento unico nell\u2019isola del vetro. Riassume le caratteristiche di imprenditori e autori delle creazioni eseguite nella loro fornace con la stretta collaborazione dei maestri vetrai.<\/a><\/p>\n<p>Da oltre 50 anni, l\u2019azienda di Carlo e Giovanni Moretti richiama l\u2019attenzione del mercato internazionale per l\u2019inconfondibile formula che coniuga il secolare \u201dsaper fare\u201d dei maestri vetrai muranesi \u2013 derivato da una lunga tradizione familiare \u2013 con le istanze progettuali del design italiano contemporaneo.<\/p>\n<p>Carlo e Giovanni Moretti infatti parlano di vetro con un linguaggio nuovo. Forse perch\u00e9 la loro sfida \u00e8 iniziata da giovani, con quella preparazione tecnica particolare che si assimila solo dall\u2019ambiente familiare e da un luogo fertile, come quello di Murano.Una produzione \u2013 quella della Carlo Moretti \u2013 che, sin dai primissimi anni \u201870, ha preso le distanze dalla lavorazione pi\u00f9 storica e si \u00e8 sempre confrontata con un orizzonte pi\u00f9 ampio, dove veniva riconosciuto valore espressivo alla forma. Quindi, ricerca di nuove linee, pulite ed essenziali, e innovazione tecnica, quasi sperimentale, sia nell\u2019uso delle componenti \u2013 per ottenere un vetro di grande trasparenza e qualit\u00e0 \u2013 che nella messa a punto degli strumenti di lavorazione pi\u00f9 idonei, sono la cifra dell\u2019azienda.<\/p>\n<p>L\u2019educazione al bello e all\u2019essenziale che si ritrova nella produzione \u00e8 il frutto di grande curiosit\u00e0 e attenzione per ci\u00f2 che accade al di fuori dei confini limitati dell\u2019isola. Mille le fonti d\u2019ispirazione, dai colori della laguna alle pi\u00f9 avveniristiche invenzioni umane. E il colloquio quotidiano e incessante tra due personalit\u00e0 e competenze \u2013 Carlo, dedito principalmente al design, poi affiancato dal fratello Giovanni nell\u2019ideazione di nuovi prodotti \u2013 si confronta con la manualit\u00e0 dei maestri vetrai. Nascono cos\u00ec delle creazioni che confermano la magia inesauribile di questa materia, che contiene in s\u00e9 due anime contraddittorie, il solido e il liquido.<br \/>\nOggetti di \u201cculto\u201d per la casa e per la tavola, vasi e bicchieri in particolare, capaci di condizionare gusti e consuetudini, vengono realizzati in Cristallo di Murano in numero limitato, soffiati a bocca, rifiniti a mano \u201dvolante\u201d, poi firmati ad uno ad uno ed accompagnati da un certificato di autenticit\u00e0. Sempre pi\u00f9 rivolti ad un pubblico di collezionisti, essi hanno trovato posto nei principali musei del mondo.<br \/>\nLa Carlo Moretti \u00e8 quindi una \u201dfabbrica d\u2019autore\u201d \u2013 tra le poche rimaste a Murano \u2013 dove creativit\u00e0 e scelte strategiche coincidono in una firma personale e inconfondibile.<\/p>\n<p><a href=\"https:\/\/www.fecarotta.com\/it\/fecarotta-gioielli-company\/\" target=\"_blank\" rel=\"noopener noreferrer\">La nostra Azienda<\/a><\/p>\n<p>&nbsp;<\/p>\n","protected":false},"excerpt":{"rendered":"<p>Grande vaso in vetro rosso e blu di Murano firmato Carlo Moretti<\/p>\n<p>anno 2003<\/p>\n<p>altezza 54 cm<\/p>\n<p>pezzo numerato 92\/200<\/p>\n","protected":false},"featured_media":5449,"template":"","meta":{"_acf_changed":false},"product_brand":[],"product_cat":[1089,1807,113,114],"product_tag":[],"class_list":{"0":"post-8253","1":"product","2":"type-product","3":"status-publish","4":"has-post-thumbnail","6":"product_cat-bf","7":"product_cat-home-design","8":"product_cat-porcellane-e-cristalli","9":"product_cat-vasi","10":"pa_brand-carlo-moretti","12":"first","13":"instock","14":"sale","15":"purchasable","16":"product-type-simple","17":"add-to-wishlist-before_image"},"acf":[],"yoast_head":"<!-- This site is optimized with the Yoast SEO plugin v27.5 - https:\/\/yoast.com\/product\/yoast-seo-wordpress\/ -->\n<title>CARLO MORETTI VASO ROSSO E BLU - Fecarotta Gioielli<\/title>\n<meta name=\"description\" content=\"Grande vaso in vetro rosso e blu di Murano firmato Carlo Moretti\" \/>\n<meta name=\"robots\" content=\"index, follow, max-snippet:-1, max-image-preview:large, max-video-preview:-1\" \/>\n<link rel=\"canonical\" href=\"https:\/\/www.fecarotta.com\/it\/prodotto\/carlo-moretti-vaso-rosso-e-blu\/\" \/>\n<meta property=\"og:locale\" content=\"it_IT\" \/>\n<meta property=\"og:type\" content=\"article\" \/>\n<meta property=\"og:title\" content=\"CARLO MORETTI VASO ROSSO E BLU - Fecarotta Gioielli\" \/>\n<meta property=\"og:description\" content=\"Grande vaso in vetro rosso e blu di Murano firmato Carlo Moretti\" \/>\n<meta property=\"og:url\" content=\"https:\/\/www.fecarotta.com\/it\/prodotto\/carlo-moretti-vaso-rosso-e-blu\/\" \/>\n<meta property=\"og:site_name\" content=\"Fecarotta Gioielli\" \/>\n<meta property=\"article:publisher\" content=\"https:\/\/www.facebook.com\/fecarottagioielli\" \/>\n<meta property=\"article:modified_time\" content=\"2020-10-15T14:31:12+00:00\" \/>\n<meta property=\"og:image\" content=\"https:\/\/storage1208.cdn-immedia.net\/wp-content\/uploads\/2018\/10\/moretti001.png\" \/>\n\t<meta property=\"og:image:width\" content=\"2000\" \/>\n\t<meta property=\"og:image:height\" content=\"2000\" \/>\n\t<meta property=\"og:image:type\" content=\"image\/png\" \/>\n<meta name=\"twitter:card\" content=\"summary_large_image\" \/>\n<meta name=\"twitter:label1\" content=\"Tempo di lettura stimato\" \/>\n\t<meta name=\"twitter:data1\" content=\"2 minuti\" \/>\n<script type=\"application\/ld+json\" class=\"yoast-schema-graph\">{\"@context\":\"https:\\\/\\\/schema.org\",\"@graph\":[{\"@type\":\"WebPage\",\"@id\":\"https:\\\/\\\/www.fecarotta.com\\\/it\\\/prodotto\\\/carlo-moretti-vaso-rosso-e-blu\\\/\",\"url\":\"https:\\\/\\\/www.fecarotta.com\\\/it\\\/prodotto\\\/carlo-moretti-vaso-rosso-e-blu\\\/\",\"name\":\"CARLO MORETTI VASO ROSSO E BLU - Fecarotta Gioielli\",\"isPartOf\":{\"@id\":\"https:\\\/\\\/www.fecarotta.com\\\/it\\\/#website\"},\"primaryImageOfPage\":{\"@id\":\"https:\\\/\\\/www.fecarotta.com\\\/it\\\/prodotto\\\/carlo-moretti-vaso-rosso-e-blu\\\/#primaryimage\"},\"image\":{\"@id\":\"https:\\\/\\\/www.fecarotta.com\\\/it\\\/prodotto\\\/carlo-moretti-vaso-rosso-e-blu\\\/#primaryimage\"},\"thumbnailUrl\":\"https:\\\/\\\/www.fecarotta.com\\\/wp-content\\\/uploads\\\/2018\\\/10\\\/moretti001.png\",\"datePublished\":\"2018-11-21T15:39:42+00:00\",\"dateModified\":\"2020-10-15T14:31:12+00:00\",\"description\":\"Grande vaso in vetro rosso e blu di Murano firmato Carlo Moretti\",\"breadcrumb\":{\"@id\":\"https:\\\/\\\/www.fecarotta.com\\\/it\\\/prodotto\\\/carlo-moretti-vaso-rosso-e-blu\\\/#breadcrumb\"},\"inLanguage\":\"it-IT\",\"potentialAction\":[{\"@type\":\"ReadAction\",\"target\":[\"https:\\\/\\\/www.fecarotta.com\\\/it\\\/prodotto\\\/carlo-moretti-vaso-rosso-e-blu\\\/\"]}]},{\"@type\":\"ImageObject\",\"inLanguage\":\"it-IT\",\"@id\":\"https:\\\/\\\/www.fecarotta.com\\\/it\\\/prodotto\\\/carlo-moretti-vaso-rosso-e-blu\\\/#primaryimage\",\"url\":\"https:\\\/\\\/www.fecarotta.com\\\/wp-content\\\/uploads\\\/2018\\\/10\\\/moretti001.png\",\"contentUrl\":\"https:\\\/\\\/www.fecarotta.com\\\/wp-content\\\/uploads\\\/2018\\\/10\\\/moretti001.png\",\"width\":2000,\"height\":2000,\"caption\":\"Vaso\"},{\"@type\":\"BreadcrumbList\",\"@id\":\"https:\\\/\\\/www.fecarotta.com\\\/it\\\/prodotto\\\/carlo-moretti-vaso-rosso-e-blu\\\/#breadcrumb\",\"itemListElement\":[{\"@type\":\"ListItem\",\"position\":1,\"name\":\"Home\",\"item\":\"https:\\\/\\\/www.fecarotta.com\\\/it\\\/\"},{\"@type\":\"ListItem\",\"position\":2,\"name\":\"Negozio\",\"item\":\"https:\\\/\\\/www.fecarotta.com\\\/it\\\/negozio\\\/\"},{\"@type\":\"ListItem\",\"position\":3,\"name\":\"CARLO MORETTI VASO ROSSO E BLU\"}]},{\"@type\":\"WebSite\",\"@id\":\"https:\\\/\\\/www.fecarotta.com\\\/it\\\/#website\",\"url\":\"https:\\\/\\\/www.fecarotta.com\\\/it\\\/\",\"name\":\"Fecarotta Gioielli\",\"description\":\"\",\"publisher\":{\"@id\":\"https:\\\/\\\/www.fecarotta.com\\\/it\\\/#organization\"},\"potentialAction\":[{\"@type\":\"SearchAction\",\"target\":{\"@type\":\"EntryPoint\",\"urlTemplate\":\"https:\\\/\\\/www.fecarotta.com\\\/it\\\/?s={search_term_string}\"},\"query-input\":{\"@type\":\"PropertyValueSpecification\",\"valueRequired\":true,\"valueName\":\"search_term_string\"}}],\"inLanguage\":\"it-IT\"},{\"@type\":\"Organization\",\"@id\":\"https:\\\/\\\/www.fecarotta.com\\\/it\\\/#organization\",\"name\":\"Fecarotta Gioielli\",\"url\":\"https:\\\/\\\/www.fecarotta.com\\\/it\\\/\",\"logo\":{\"@type\":\"ImageObject\",\"inLanguage\":\"it-IT\",\"@id\":\"https:\\\/\\\/www.fecarotta.com\\\/it\\\/#\\\/schema\\\/logo\\\/image\\\/\",\"url\":\"https:\\\/\\\/www.fecarotta.com\\\/wp-content\\\/uploads\\\/2025\\\/03\\\/logo-gmb-fecarotta.jpg\",\"contentUrl\":\"https:\\\/\\\/www.fecarotta.com\\\/wp-content\\\/uploads\\\/2025\\\/03\\\/logo-gmb-fecarotta.jpg\",\"width\":500,\"height\":500,\"caption\":\"Fecarotta Gioielli\"},\"image\":{\"@id\":\"https:\\\/\\\/www.fecarotta.com\\\/it\\\/#\\\/schema\\\/logo\\\/image\\\/\"},\"sameAs\":[\"https:\\\/\\\/www.facebook.com\\\/fecarottagioielli\",\"http:\\\/\\\/www.instagram.com\\\/fecarotta.it\",\"https:\\\/\\\/www.linkedin.com\\\/company\\\/fecarotta-it\\\/\",\"https:\\\/\\\/api.whatsapp.com\\\/send?phone=393913323691&text=Salve, vorrei qualche informazione in merito ai vostri prodotti.\"]}]}<\/script>\n<!-- \/ Yoast SEO plugin. -->","yoast_head_json":{"title":"CARLO MORETTI VASO ROSSO E BLU - Fecarotta Gioielli","description":"Grande vaso in vetro rosso e blu di Murano firmato Carlo Moretti","robots":{"index":"index","follow":"follow","max-snippet":"max-snippet:-1","max-image-preview":"max-image-preview:large","max-video-preview":"max-video-preview:-1"},"canonical":"https:\/\/www.fecarotta.com\/it\/prodotto\/carlo-moretti-vaso-rosso-e-blu\/","og_locale":"it_IT","og_type":"article","og_title":"CARLO MORETTI VASO ROSSO E BLU - Fecarotta Gioielli","og_description":"Grande vaso in vetro rosso e blu di Murano firmato Carlo Moretti","og_url":"https:\/\/www.fecarotta.com\/it\/prodotto\/carlo-moretti-vaso-rosso-e-blu\/","og_site_name":"Fecarotta Gioielli","article_publisher":"https:\/\/www.facebook.com\/fecarottagioielli","article_modified_time":"2020-10-15T14:31:12+00:00","og_image":[{"width":2000,"height":2000,"url":"https:\/\/storage1208.cdn-immedia.net\/wp-content\/uploads\/2018\/10\/moretti001.png","type":"image\/png"}],"twitter_card":"summary_large_image","twitter_misc":{"Tempo di lettura stimato":"2 minuti"},"schema":{"@context":"https:\/\/schema.org","@graph":[{"@type":"WebPage","@id":"https:\/\/www.fecarotta.com\/it\/prodotto\/carlo-moretti-vaso-rosso-e-blu\/","url":"https:\/\/www.fecarotta.com\/it\/prodotto\/carlo-moretti-vaso-rosso-e-blu\/","name":"CARLO MORETTI VASO ROSSO E BLU - Fecarotta Gioielli","isPartOf":{"@id":"https:\/\/www.fecarotta.com\/it\/#website"},"primaryImageOfPage":{"@id":"https:\/\/www.fecarotta.com\/it\/prodotto\/carlo-moretti-vaso-rosso-e-blu\/#primaryimage"},"image":{"@id":"https:\/\/www.fecarotta.com\/it\/prodotto\/carlo-moretti-vaso-rosso-e-blu\/#primaryimage"},"thumbnailUrl":"https:\/\/storage1208.cdn-immedia.net\/wp-content\/uploads\/2018\/10\/moretti001.png","datePublished":"2018-11-21T15:39:42+00:00","dateModified":"2020-10-15T14:31:12+00:00","description":"Grande vaso in vetro rosso e blu di Murano firmato Carlo Moretti","breadcrumb":{"@id":"https:\/\/www.fecarotta.com\/it\/prodotto\/carlo-moretti-vaso-rosso-e-blu\/#breadcrumb"},"inLanguage":"it-IT","potentialAction":[{"@type":"ReadAction","target":["https:\/\/www.fecarotta.com\/it\/prodotto\/carlo-moretti-vaso-rosso-e-blu\/"]}]},{"@type":"ImageObject","inLanguage":"it-IT","@id":"https:\/\/www.fecarotta.com\/it\/prodotto\/carlo-moretti-vaso-rosso-e-blu\/#primaryimage","url":"https:\/\/storage1208.cdn-immedia.net\/wp-content\/uploads\/2018\/10\/moretti001.png","contentUrl":"https:\/\/storage1208.cdn-immedia.net\/wp-content\/uploads\/2018\/10\/moretti001.png","width":2000,"height":2000,"caption":"Vaso"},{"@type":"BreadcrumbList","@id":"https:\/\/www.fecarotta.com\/it\/prodotto\/carlo-moretti-vaso-rosso-e-blu\/#breadcrumb","itemListElement":[{"@type":"ListItem","position":1,"name":"Home","item":"https:\/\/www.fecarotta.com\/it\/"},{"@type":"ListItem","position":2,"name":"Negozio","item":"https:\/\/www.fecarotta.com\/it\/negozio\/"},{"@type":"ListItem","position":3,"name":"CARLO MORETTI VASO ROSSO E BLU"}]},{"@type":"WebSite","@id":"https:\/\/www.fecarotta.com\/it\/#website","url":"https:\/\/www.fecarotta.com\/it\/","name":"Fecarotta Gioielli","description":"","publisher":{"@id":"https:\/\/www.fecarotta.com\/it\/#organization"},"potentialAction":[{"@type":"SearchAction","target":{"@type":"EntryPoint","urlTemplate":"https:\/\/www.fecarotta.com\/it\/?s={search_term_string}"},"query-input":{"@type":"PropertyValueSpecification","valueRequired":true,"valueName":"search_term_string"}}],"inLanguage":"it-IT"},{"@type":"Organization","@id":"https:\/\/www.fecarotta.com\/it\/#organization","name":"Fecarotta Gioielli","url":"https:\/\/www.fecarotta.com\/it\/","logo":{"@type":"ImageObject","inLanguage":"it-IT","@id":"https:\/\/www.fecarotta.com\/it\/#\/schema\/logo\/image\/","url":"https:\/\/storage1208.cdn-immedia.net\/wp-content\/uploads\/2025\/03\/logo-gmb-fecarotta.jpg","contentUrl":"https:\/\/storage1208.cdn-immedia.net\/wp-content\/uploads\/2025\/03\/logo-gmb-fecarotta.jpg","width":500,"height":500,"caption":"Fecarotta Gioielli"},"image":{"@id":"https:\/\/www.fecarotta.com\/it\/#\/schema\/logo\/image\/"},"sameAs":["https:\/\/www.facebook.com\/fecarottagioielli","http:\/\/www.instagram.com\/fecarotta.it","https:\/\/www.linkedin.com\/company\/fecarotta-it\/","https:\/\/api.whatsapp.com\/send?phone=393913323691&text=Salve, vorrei qualche informazione in merito ai vostri prodotti."]}]}},"_links":{"self":[{"href":"https:\/\/www.fecarotta.com\/it\/wp-json\/wp\/v2\/product\/8253","targetHints":{"allow":["GET"]}}],"collection":[{"href":"https:\/\/www.fecarotta.com\/it\/wp-json\/wp\/v2\/product"}],"about":[{"href":"https:\/\/www.fecarotta.com\/it\/wp-json\/wp\/v2\/types\/product"}],"wp:featuredmedia":[{"embeddable":true,"href":"https:\/\/www.fecarotta.com\/it\/wp-json\/wp\/v2\/media\/5449"}],"wp:attachment":[{"href":"https:\/\/www.fecarotta.com\/it\/wp-json\/wp\/v2\/media?parent=8253"}],"wp:term":[{"taxonomy":"product_brand","embeddable":true,"href":"https:\/\/www.fecarotta.com\/it\/wp-json\/wp\/v2\/product_brand?post=8253"},{"taxonomy":"product_cat","embeddable":true,"href":"https:\/\/www.fecarotta.com\/it\/wp-json\/wp\/v2\/product_cat?post=8253"},{"taxonomy":"product_tag","embeddable":true,"href":"https:\/\/www.fecarotta.com\/it\/wp-json\/wp\/v2\/product_tag?post=8253"}],"curies":[{"name":"wp","href":"https:\/\/api.w.org\/{rel}","templated":true}]}}